{"id":16,"date":"2020-07-02T20:09:17","date_gmt":"2020-07-02T20:09:17","guid":{"rendered":"https:\/\/amadou.redesignhub.xyz\/?page_id=9"},"modified":"2023-08-08T01:55:27","modified_gmt":"2023-08-08T01:55:27","slug":"home","status":"publish","type":"page","link":"https:\/\/editionsab.com\/fr\/","title":{"rendered":"Accueil"},"content":{"rendered":"<p>[et_pb_section fb_built=&#8221;1&#8243; _builder_version=&#8221;4.9.0&#8243; _module_preset=&#8221;default&#8221; background_video_mp4=&#8221;https:\/\/editionsab.com\/wp-content\/uploads\/2020\/08\/Pexels-Videos-1793334.mp4&#8243; min_height=&#8221;100px&#8221;][\/et_pb_section][et_pb_section fb_built=&#8221;1&#8243; admin_label=&#8221;Best Selling Book Section&#8221; _builder_version=&#8221;4.9.0&#8243; use_background_color_gradient=&#8221;on&#8221; background_color_gradient_start=&#8221;rgba(148,166,191,0.34)&#8221; background_color_gradient_end=&#8221;#f4f4f4&#8243; background_color_gradient_direction=&#8221;90deg&#8221; background_color_gradient_start_position=&#8221;40%&#8221; background_color_gradient_end_position=&#8221;0%&#8221; background_image=&#8221;https:\/\/amadou.redesignhub.xyz\/wp-content\/uploads\/2020\/07\/paper.jpg&#8221; background_blend=&#8221;multiply&#8221; custom_padding=&#8221;100px|0|180px|&#8221; collapsed=&#8221;off&#8221;][et_pb_row admin_label=&#8221;Row&#8221; _builder_version=&#8221;4.5.1&#8243; background_color=&#8221;#383e59&#8243; background_size=&#8221;initial&#8221; background_position=&#8221;top_left&#8221; background_repeat=&#8221;repeat&#8221; max_width=&#8221;960px&#8221; custom_margin=&#8221;||40px|0px&#8221; custom_padding=&#8221;27px|40px||10%&#8221; animation_style=&#8221;slide&#8221; animation_direction=&#8221;left&#8221; animation_intensity_slide=&#8221;2%&#8221; border_radii=&#8221;||6px|6px|&#8221; border_width_right=&#8221;30px&#8221; border_color_right=&#8221;#bdada0&#8243; box_shadow_style=&#8221;preset2&#8243; box_shadow_color=&#8221;rgba(0,0,0,0.6)&#8221; use_custom_width=&#8221;on&#8221; custom_width_px=&#8221;960px&#8221;][et_pb_column type=&#8221;4_4&#8243; _builder_version=&#8221;3.25&#8243; custom_padding=&#8221;|||&#8221; custom_padding_tablet=&#8221;|||10%&#8221; custom_padding_last_edited=&#8221;off|desktop&#8221; padding_tablet=&#8221;|||10%&#8221; padding_last_edited=&#8221;off|desktop&#8221; custom_padding__hover=&#8221;|||&#8221;][et_pb_text admin_label=&#8221;Title&#8221; _builder_version=&#8221;4.9.0&#8243; text_font=&#8221;|700|||||||&#8221; text_font_size=&#8221;12px&#8221; header_font=&#8221;Playfair Display|700|||||||&#8221; header_font_size=&#8221;57px&#8221; header_letter_spacing=&#8221;3px&#8221; header_line_height=&#8221;1.2em&#8221; header_4_font=&#8221;||||||||&#8221; background_layout=&#8221;dark&#8221; width=&#8221;61%&#8221; custom_margin=&#8221;|||&#8221; custom_padding=&#8221;|||&#8221; header_font_size_tablet=&#8221;40px&#8221; header_font_size_phone=&#8221;30px&#8221; header_font_size_last_edited=&#8221;on|tablet&#8221; header_font_size__hover_enabled=&#8221;on|desktop&#8221;]<\/p>\n<h1 style=\"color: black; font-size: 32px;\">AB EDITIONS ALKEBULAN<\/h1>\n<p>[\/et_pb_text][\/et_pb_column][\/et_pb_row][et_pb_row _builder_version=&#8221;3.25&#8243; background_size=&#8221;initial&#8221; background_position=&#8221;top_left&#8221; background_repeat=&#8221;repeat&#8221;][et_pb_column type=&#8221;4_4&#8243; _builder_version=&#8221;3.25&#8243; custom_padding=&#8221;|||&#8221; custom_padding__hover=&#8221;|||&#8221;][et_pb_slider _builder_version=&#8221;4.9.0&#8243; _module_preset=&#8221;default&#8221; background_color=&#8221;rgba(0,0,0,0)&#8221; custom_button=&#8221;on&#8221; button_text_size=&#8221;14px&#8221; button_text_color=&#8221;#ffffff&#8221; button_bg_color=&#8221;#94a6bf&#8221; button_border_width=&#8221;8px&#8221; button_border_color=&#8221;#94a6bf&#8221; button_letter_spacing=&#8221;2px&#8221; button_font=&#8221;Nunito|700||on|||||&#8221; button_use_icon=&#8221;off&#8221; button_custom_margin=&#8221;2vw||||false|false&#8221; button_custom_padding=&#8221;||||false|false&#8221; auto=&#8221;on&#8221; hover_enabled=&#8221;0&#8243; sticky_enabled=&#8221;0&#8243;][et_pb_slide heading=&#8221;Editions AB &#8221; button_text=&#8221;PRIX DU LIVRE &#8211; $25.00&#8243; button_link=&#8221;https:\/\/editionsab.shop\/&#8221; image=&#8221;https:\/\/editionsab.com\/wp-content\/uploads\/2021\/02\/LDGE_feb16-copy-2.png&#8221; _builder_version=&#8221;4.9.0&#8243; _module_preset=&#8221;default&#8221; header_level=&#8221;h1&#8243; header_font=&#8221;Nunito|700||on|||||&#8221; header_text_color=&#8221;#c7b4a8&#8243; header_font_size=&#8221;18px&#8221; header_letter_spacing=&#8221;2px&#8221; header_line_height=&#8221;1.8em&#8221; body_line_height=&#8221;3em&#8221; background_color=&#8221;rgba(0,0,0,0)&#8221; background_enable_color=&#8221;on&#8221; custom_button=&#8221;on&#8221; background_layout=&#8221;light&#8221; inline_fonts=&#8221;Playfair Display&#8221; sticky_transition=&#8221;on&#8221;]<\/p>\n<div class=\"et_pb_module et_pb_text et_pb_text_1 et_pb_text_align_left et_pb_bg_layout_light et_had_animation\">\n<div class=\"et_pb_text_inner\">\n<h1>AMADOU BA<\/h1>\n<h4><span style=\"color: #494949; font-family: 'Playfair Display'; font-weight: normal;\">Histoire<\/span><\/h4>\n<\/div>\n<\/div>\n<div class=\"et_pb_module et_pb_text et_pb_text_2 et_pb_text_align_left et_pb_bg_layout_light et_had_animation\">\n<div class=\"et_pb_text_inner\">\n<p id=\"title\" class=\"a-spacing-none a-text-normal\"><span style=\"font-size: medium;\">L\u2019AFRIQUE DES GRANDS EMPIRES (7E-17E SI\u00c8CLES): 1000 ANS DE PROSP\u00c9RIT\u00c9 \u00c9CONOMIQUE, D\u2019UNIT\u00c9 POLITIQUE, DE COH\u00c9SION SOCIALE ET DE RAYONNEMENT CULTUREL (FRENCH EDITION)<\/span><\/p>\n<\/div>\n<\/div>\n<p>[\/et_pb_slide][et_pb_slide heading=&#8221;Editions AB&#8221; button_text=&#8221;BUY THIS BOOK &#8211; $25.00&#8243; button_link=&#8221;https:\/\/editionsab.shop\/&#8221; image=&#8221;https:\/\/editionsab.com\/wp-content\/uploads\/2021\/02\/AGE_feb16-copy-1.png&#8221; _builder_version=&#8221;4.9.0&#8243; _module_preset=&#8221;default&#8221; header_level=&#8221;h1&#8243; header_font=&#8221;Nunito|700||on|||||&#8221; header_text_color=&#8221;#c7b4a8&#8243; header_font_size=&#8221;18px&#8221; header_letter_spacing=&#8221;2px&#8221; header_line_height=&#8221;1.8em&#8221; body_line_height=&#8221;3em&#8221; background_color=&#8221;rgba(0,0,0,0)&#8221; background_enable_color=&#8221;on&#8221; custom_button=&#8221;on&#8221; background_layout=&#8221;light&#8221; inline_fonts=&#8221;Playfair Display&#8221; sticky_transition=&#8221;on&#8221;]<\/p>\n<div class=\"et_pb_module et_pb_text et_pb_text_1 et_pb_text_align_left et_pb_bg_layout_light et_had_animation\">\n<div class=\"et_pb_text_inner\">\n<h1>AMADOU BA<\/h1>\n<h4><span style=\"color: #494949; font-family: 'Playfair Display'; font-weight: normal;\">Histoire<\/span><\/h4>\n<\/div>\n<\/div>\n<div class=\"et_pb_module et_pb_text et_pb_text_2 et_pb_text_align_left et_pb_bg_layout_light et_had_animation\">\n<div class=\"et_pb_text_inner\">\n<p id=\"title\" class=\"a-spacing-none a-text-normal\"><span style=\"font-size: medium;\"><br \/>AFRICA OF GREAT EMPIRES 7TH-17TH CENTURIES: A THOUSAND YEARS OF ECONOMIC PROSPERITY, POLITICAL UNITY, SOCIAL COHESION AND CULTURAL INFLUENCE<br \/><\/span><\/p>\n<\/div>\n<\/div>\n<p>[\/et_pb_slide][et_pb_slide heading=&#8221;Editions AB&#8221; button_text=&#8221;BUY THIS BOOK &#8211; $25.00&#8243; button_link=&#8221;https:\/\/editionsab.shop\/&#8221; image=&#8221;https:\/\/editionsab.com\/wp-content\/uploads\/2021\/02\/AFH_feb16-copy.png&#8221; _builder_version=&#8221;4.9.0&#8243; _module_preset=&#8221;default&#8221; header_level=&#8221;h1&#8243; header_font=&#8221;Nunito|700||on|||||&#8221; header_text_color=&#8221;#c7b4a8&#8243; header_font_size=&#8221;18px&#8221; header_letter_spacing=&#8221;2px&#8221; header_line_height=&#8221;1.8em&#8221; body_line_height=&#8221;3em&#8221; background_color=&#8221;rgba(0,0,0,0)&#8221; background_enable_color=&#8221;on&#8221; custom_button=&#8221;on&#8221; background_layout=&#8221;light&#8221; inline_fonts=&#8221;Playfair Display&#8221; sticky_transition=&#8221;on&#8221;]<\/p>\n<div class=\"et_pb_module et_pb_text et_pb_text_1 et_pb_text_align_left et_pb_bg_layout_light et_had_animation\">\n<div class=\"et_pb_text_inner\">\n<h1>AMADOU BA<\/h1>\n<h4><span style=\"color: #494949; font-family: 'Playfair Display'; font-weight: normal;\">Histoire<\/span><\/h4>\n<\/div>\n<\/div>\n<div class=\"et_pb_module et_pb_text et_pb_text_2 et_pb_text_align_left et_pb_bg_layout_light et_had_animation\">\n<div class=\"et_pb_text_inner\">\n<p id=\"title\" class=\"a-spacing-none a-text-normal\"><span style=\"font-size: medium;\">A FORGOTTEN HISTORY: THE SIGNIFICANT CONTRIBUTION OF BLACK SLAVES AND SOLDIERS TO THE BUILDING OF CANADA 1604-1945<\/span><\/p>\n<\/div>\n<\/div>\n<p>[\/et_pb_slide][et_pb_slide heading=&#8221;Editions AB&#8221; button_text=&#8221;ACHETEZ CE LIVRE &#8211; $25.00&#8243; button_link=&#8221;https:\/\/editionsab.shop\/&#8221; image=&#8221;https:\/\/editionsab.com\/wp-content\/uploads\/2021\/02\/Histoire-oubliee-Broche-16.png&#8221; _builder_version=&#8221;4.9.0&#8243; _module_preset=&#8221;default&#8221; header_level=&#8221;h1&#8243; header_font=&#8221;Nunito|700||on|||||&#8221; header_text_color=&#8221;#c7b4a8&#8243; header_font_size=&#8221;18px&#8221; header_letter_spacing=&#8221;2px&#8221; header_line_height=&#8221;1.8em&#8221; body_line_height=&#8221;3em&#8221; background_color=&#8221;rgba(0,0,0,0)&#8221; background_enable_color=&#8221;on&#8221; custom_button=&#8221;on&#8221; background_layout=&#8221;light&#8221; inline_fonts=&#8221;Playfair Display&#8221; sticky_transition=&#8221;on&#8221;]<\/p>\n<div class=\"et_pb_module et_pb_text et_pb_text_1 et_pb_text_align_left et_pb_bg_layout_light et_had_animation\">\n<div class=\"et_pb_text_inner\">\n<h1>AMADOU BA<\/h1>\n<h4><span style=\"color: #494949; font-family: 'Playfair Display'; font-weight: normal;\">Histoire<\/span><\/h4>\n<\/div>\n<\/div>\n<div class=\"et_pb_module et_pb_text et_pb_text_2 et_pb_text_align_left et_pb_bg_layout_light et_had_animation\">\n<div class=\"et_pb_text_inner\">\n<p id=\"title\" class=\"a-spacing-none a-text-normal\"><span style=\"font-size: medium;\">L&#8217;HISTOIRE OUBLI\u00c9E: LA CONTRIBUTION DES ESCLAVES ET SOLDATS NOIRS \u00c0 L&#8217;\u00c9DIFICATION DU CANADA<\/span><\/p>\n<\/div>\n<\/div>\n<p>[\/et_pb_slide][et_pb_slide heading=&#8221;Editions AB&#8221; button_text=&#8221;ACHETEZ CE LIVRE &#8211; $22.00&#8243; button_link=&#8221;https:\/\/editionsab.shop\/&#8221; image=&#8221;https:\/\/editionsab.com\/wp-content\/uploads\/2021\/05\/Cameroun_mockup-3.png&#8221; _builder_version=&#8221;4.9.0&#8243; _module_preset=&#8221;default&#8221; header_level=&#8221;h1&#8243; header_font=&#8221;Nunito|700||on|||||&#8221; header_text_color=&#8221;#c7b4a8&#8243; header_font_size=&#8221;18px&#8221; header_letter_spacing=&#8221;2px&#8221; header_line_height=&#8221;1.8em&#8221; body_line_height=&#8221;3em&#8221; background_color=&#8221;rgba(0,0,0,0)&#8221; background_enable_color=&#8221;on&#8221; custom_button=&#8221;on&#8221; background_layout=&#8221;light&#8221; inline_fonts=&#8221;Playfair Display&#8221; sticky_transition=&#8221;on&#8221;]<\/p>\n<div class=\"et_pb_module et_pb_text et_pb_text_1 et_pb_text_align_left et_pb_bg_layout_light et_had_animation\">\n<div class=\"et_pb_text_inner\">\n<h1>MARCEL OLIVIER NDI<\/h1>\n<h4><span style=\"color: #494949; font-family: 'Playfair Display'; font-weight: normal;\">Histoire<\/span><\/h4>\n<\/div>\n<\/div>\n<div class=\"et_pb_module et_pb_text et_pb_text_2 et_pb_text_align_left et_pb_bg_layout_light et_had_animation\">\n<div class=\"et_pb_text_inner\">\n<p id=\"title\" class=\"a-spacing-none a-text-normal\"><span style=\"font-size: medium;\">ENVO\u00dbTEMENT COLLECTIF AU CAMEROUN: L\u2019OUVRAGE ENVO\u00dbTEMENT COLLECTIF AU CAMEROUN EST UN ESSAI DE SOCIOLOGIE POLITIQUE. IL APPORTE UN \u00c9CLAIRAGE PERTINENT SUR LA LONG\u00c9VIT\u00c9 DU PARTI AU POUVOIR.<\/span><\/p>\n<\/div>\n<\/div>\n<p>[\/et_pb_slide][et_pb_slide heading=&#8221;Editions AB&#8221; button_text=&#8221;ACHETEZ CE LIVRE &#8211; $22.00&#8243; button_link=&#8221;https:\/\/editionsab.shop\/&#8221; image=&#8221;https:\/\/editionsab.com\/wp-content\/uploads\/2021\/08\/culinaire-1.png&#8221; _builder_version=&#8221;4.9.0&#8243; _module_preset=&#8221;default&#8221; header_level=&#8221;h1&#8243; header_font=&#8221;Nunito|700||on|||||&#8221; header_text_color=&#8221;#c7b4a8&#8243; header_font_size=&#8221;18px&#8221; header_letter_spacing=&#8221;2px&#8221; header_line_height=&#8221;1.8em&#8221; body_line_height=&#8221;3em&#8221; background_color=&#8221;rgba(0,0,0,0)&#8221; background_enable_color=&#8221;on&#8221; custom_button=&#8221;on&#8221; background_layout=&#8221;light&#8221; inline_fonts=&#8221;Playfair Display&#8221; sticky_transition=&#8221;on&#8221;]<\/p>\n<div class=\"et_pb_module et_pb_text et_pb_text_1 et_pb_text_align_left et_pb_bg_layout_light et_had_animation\">\n<div class=\"et_pb_text_inner\">\n<h1>ARTHUR VIDO<\/h1>\n<h4><span style=\"color: #494949; font-family: 'Playfair Display'; font-weight: normal;\">Histoire<\/span><\/h4>\n<\/div>\n<\/div>\n<div class=\"et_pb_module et_pb_text et_pb_text_2 et_pb_text_align_left et_pb_bg_layout_light et_had_animation\">\n<div class=\"et_pb_text_inner\">\n<p class=\"a-spacing-none a-text-normal\"><span style=\"font-size: medium;\">QUE MANGEAIENT LES FON DU PLATEAU D\u2019ABOMEY (SUD-B\u00c9NIN) AVANT L\u2019\u00c8RE COLONIALE ? D\u2019O\u00d9 PROVENAIENT LES PLANTES QUI ENTRAIENT DANS LEURS HABITUDES ALIMENTAIRES ? COMMENT ARRIVAIENT-ILS \u00c0 LES TRANSFORMER EN PRODUITS COMESTIBLES ?<\/span><\/p>\n<h1><\/h1>\n<\/div>\n<\/div>\n<p>[\/et_pb_slide][et_pb_slide heading=&#8221;Editions AB&#8221; button_text=&#8221;ACHETEZ CE LIVRE &#8211; $22.00&#8243; button_link=&#8221;https:\/\/editionsab.shop\/&#8221; image=&#8221;https:\/\/editionsab.com\/wp-content\/uploads\/2022\/01\/0001-scaled.jpg&#8221; _builder_version=&#8221;4.9.0&#8243; _module_preset=&#8221;default&#8221; header_level=&#8221;h1&#8243; header_font=&#8221;Nunito|700||on|||||&#8221; header_text_color=&#8221;#c7b4a8&#8243; header_font_size=&#8221;18px&#8221; header_letter_spacing=&#8221;2px&#8221; header_line_height=&#8221;1.8em&#8221; body_line_height=&#8221;3em&#8221; background_color=&#8221;rgba(0,0,0,0)&#8221; background_enable_color=&#8221;on&#8221; custom_button=&#8221;on&#8221; background_layout=&#8221;light&#8221; inline_fonts=&#8221;Playfair Display&#8221; sticky_transition=&#8221;on&#8221;]<\/p>\n<div class=\"et_pb_module et_pb_text et_pb_text_1 et_pb_text_align_left et_pb_bg_layout_light et_had_animation\">\n<div class=\"et_pb_text_inner\">\n<h1>FR\u00c9D\u00c9RIC ARANZUEQUE-ARRIETA<\/h1>\n<h4><span style=\"color: #494949; font-family: 'Playfair Display'; font-weight: normal;\">ROMAN<\/span><\/h4>\n<\/div>\n<\/div>\n<div class=\"et_pb_module et_pb_text et_pb_text_2 et_pb_text_align_left et_pb_bg_layout_light et_had_animation\">\n<div class=\"et_pb_text_inner\">\n<p class=\"a-spacing-none a-text-normal\">L\u2019HISTOIRE D&#8217;ALMALA EST CELLE D&#8217;UNE ENFANT D&#8217;AFRIQUE SUBSAHARIENNE PARMI TANT D&#8217;AUTRES; ELLE S&#8217;INSPIRE DE MILLE ET UN FRAGMENTS DE VIE, DE SURVIE, QUI NE D\u00c9PASSENT POURTANT JAMAIS LA R\u00c9ALIT\u00c9, LA VRAIE, TANT CELLE-CI EST CRUELLE.<\/p>\n<h1>\u00a0<\/h1>\n<\/div>\n<\/div>\n<p>[\/et_pb_slide][et_pb_slide heading=&#8221;Editions AB&#8221; button_text=&#8221;ACHETEZ CE LIVRE &#8211; $22.00&#8243; button_link=&#8221;https:\/\/editionsab.shop\/&#8221; image=&#8221;https:\/\/editionsab.com\/wp-content\/uploads\/2021\/12\/Ebook-bonnes-pixels-12-dec-2021.jpg&#8221; _builder_version=&#8221;4.9.0&#8243; _module_preset=&#8221;default&#8221; header_level=&#8221;h1&#8243; header_font=&#8221;Nunito|700||on|||||&#8221; header_text_color=&#8221;#c7b4a8&#8243; header_font_size=&#8221;18px&#8221; header_letter_spacing=&#8221;2px&#8221; header_line_height=&#8221;1.8em&#8221; body_line_height=&#8221;3em&#8221; background_color=&#8221;rgba(0,0,0,0)&#8221; background_enable_color=&#8221;on&#8221; custom_button=&#8221;on&#8221; background_layout=&#8221;light&#8221; inline_fonts=&#8221;Playfair Display&#8221; sticky_transition=&#8221;on&#8221;]<\/p>\n<div class=\"et_pb_module et_pb_text et_pb_text_1 et_pb_text_align_left et_pb_bg_layout_light et_had_animation\">\n<div class=\"et_pb_text_inner\">\n<h1>AMADOU BA<\/h1>\n<h4>\u00a0<\/h4>\n<\/div>\n<\/div>\n<div class=\"et_pb_module et_pb_text et_pb_text_2 et_pb_text_align_left et_pb_bg_layout_light et_had_animation\">\n<div class=\"et_pb_text_inner\">\n<p>JOHN WARE (1845-1905). LE COWBOY NOIR DE L&#8217;OUEST CANADIEN<\/p>\n<p>JOHN WARE A V\u00c9CU ENTRE 1845 ET 1905. N\u00c9 EN CAROLINE DU SUD, IL A PASS\u00c9 UNE PARTIE DE SA VIE AU TEXAS ET EN ALBERTA AU CANADA O\u00d9 IL FUT COWBOY, SOLDAT ET PROPRI\u00c9TAIRE DE RANCH.<\/p>\n<h1>\u00a0<\/h1>\n<\/div>\n<\/div>\n<p>[\/et_pb_slide][et_pb_slide heading=&#8221;Editions AB&#8221; button_text=&#8221;ACHETEZ CE LIVRE &#8211; $22.00&#8243; button_link=&#8221;https:\/\/editionsab.shop\/&#8221; image=&#8221;https:\/\/editionsab.com\/wp-content\/uploads\/2022\/01\/Mali-ebook-recto-jpeg.jpg&#8221; _builder_version=&#8221;4.9.0&#8243; _module_preset=&#8221;default&#8221; header_level=&#8221;h1&#8243; header_font=&#8221;Nunito|700||on|||||&#8221; header_text_color=&#8221;#c7b4a8&#8243; header_font_size=&#8221;18px&#8221; header_letter_spacing=&#8221;2px&#8221; header_line_height=&#8221;1.8em&#8221; body_line_height=&#8221;3em&#8221; background_color=&#8221;rgba(0,0,0,0)&#8221; background_enable_color=&#8221;on&#8221; custom_button=&#8221;on&#8221; background_layout=&#8221;light&#8221; inline_fonts=&#8221;Playfair Display&#8221; sticky_transition=&#8221;on&#8221;]<\/p>\n<div class=\"et_pb_module et_pb_text et_pb_text_1 et_pb_text_align_left et_pb_bg_layout_light et_had_animation\">\n<div class=\"et_pb_text_inner\">\n<h1>AMADOU BA<\/h1>\n<p><strong>Empire du Mali (13<sup>e<\/sup> &#8211; 15<sup>e<\/sup> si\u00e8cles)<\/strong><\/p>\n<p><strong>SYMBOLE DE LA FORCE POLITIQUE D&#8217;UNE AFRIQUE UNIE\u00a0<\/strong><\/p>\n<\/div>\n<\/div>\n<div class=\"et_pb_module et_pb_text et_pb_text_2 et_pb_text_align_left et_pb_bg_layout_light et_had_animation\">\n<div class=\"et_pb_text_inner\">\n<p>EN 1235 SOUS L&#8217;IMPULSION DE SOUNDIATA KE\u00cfTA, \u00c9MERGE PROGRESSIVEMENT L&#8217;EMPIRE DU MALI QUI IMPOSE SA PUISSANCE EN AFRIQUE DE L&#8217;OUEST, ATTEIGNANT SON APOG\u00c9E AU 14E SI\u00c8CLE SOUS LE R\u00c8GNE DE MANSA MOUSSA (1312-1337).<\/p>\n<h1>\u00a0<\/h1>\n<\/div>\n<\/div>\n<p>[\/et_pb_slide][et_pb_slide heading=&#8221;Editions AB&#8221; button_text=&#8221;ACHETEZ CE LIVRE &#8211; $22.00&#8243; button_link=&#8221;https:\/\/editionsab.shop\/&#8221; image=&#8221;https:\/\/editionsab.com\/wp-content\/uploads\/2022\/01\/Le-Kongo-ebook-recto-JPEG.jpg&#8221; _builder_version=&#8221;4.9.0&#8243; _module_preset=&#8221;default&#8221; header_level=&#8221;h1&#8243; header_font=&#8221;Nunito|700||on|||||&#8221; header_text_color=&#8221;#c7b4a8&#8243; header_font_size=&#8221;18px&#8221; header_letter_spacing=&#8221;2px&#8221; header_line_height=&#8221;1.8em&#8221; body_line_height=&#8221;3em&#8221; background_color=&#8221;rgba(0,0,0,0)&#8221; background_enable_color=&#8221;on&#8221; custom_button=&#8221;on&#8221; background_layout=&#8221;light&#8221; inline_fonts=&#8221;Playfair Display&#8221; sticky_transition=&#8221;on&#8221;]<\/p>\n<div class=\"et_pb_module et_pb_text et_pb_text_1 et_pb_text_align_left et_pb_bg_layout_light et_had_animation\">\n<div class=\"et_pb_text_inner\">\n<h1>AMADOU BA<\/h1>\n<\/div>\n<\/div>\n<div class=\"et_pb_module et_pb_text et_pb_text_2 et_pb_text_align_left et_pb_bg_layout_light et_had_animation\">\n<div class=\"et_pb_text_inner\">\n<p>Le KONGO (1350-1880). PLUS QU&#8217;UN ROYAUME, UN VASTE EMPIRE AU COEUR DE L&#8217;AFRIQUE CENTRALE<\/p>\n<p>LE KONGO (1350-1880) EST L&#8217;UN DES PLUS RAYONNANTS \u00c9TATS DE L&#8217;AFRIQUE AVANT LA COLONISATION.<\/p>\n<p>&nbsp;<\/p>\n<\/div>\n<\/div>\n<p>[\/et_pb_slide][et_pb_slide heading=&#8221;Editions AB&#8221; button_text=&#8221;ACHETEZ CE LIVRE &#8211; $22.00&#8243; button_link=&#8221;https:\/\/editionsab.shop\/&#8221; image=&#8221;https:\/\/editionsab.com\/wp-content\/uploads\/2022\/01\/LEMPIRE-DU-SONGHAY_LULU3-1-JPEG.jpg&#8221; _builder_version=&#8221;4.9.0&#8243; _module_preset=&#8221;default&#8221; header_level=&#8221;h1&#8243; header_font=&#8221;Nunito|700||on|||||&#8221; header_text_color=&#8221;#c7b4a8&#8243; header_font_size=&#8221;18px&#8221; header_letter_spacing=&#8221;2px&#8221; header_line_height=&#8221;1.8em&#8221; body_line_height=&#8221;3em&#8221; background_color=&#8221;rgba(0,0,0,0)&#8221; background_enable_color=&#8221;on&#8221; custom_button=&#8221;on&#8221; background_layout=&#8221;light&#8221; inline_fonts=&#8221;Playfair Display&#8221; sticky_transition=&#8221;on&#8221;]<\/p>\n<div class=\"et_pb_module et_pb_text et_pb_text_1 et_pb_text_align_left et_pb_bg_layout_light et_had_animation\">\n<div class=\"et_pb_text_inner\">\n<h1>AMADOU BA<\/h1>\n<\/div>\n<\/div>\n<div class=\"et_pb_module et_pb_text et_pb_text_2 et_pb_text_align_left et_pb_bg_layout_light et_had_animation\">\n<div class=\"et_pb_text_inner\">\n<p><strong>L&#8217;EMPIRE DU SONGHAY\u00a0 (1464-1591)<\/strong><\/p>\n<p><strong>SYMBOLE DE DIVERSIT\u00c9 ET DE TOL\u00c9RANCE ETHNIQUE EN AFRIQUE DE L&#8217;OUEST M\u00c9DI\u00c9VALE\u00a0<\/strong><\/p>\n<\/div>\n<p>VOICI RETRAC\u00c9E L&#8217;HISTOIRE D&#8217;UN DES PLUS GRANDS ET BRILLANTS EMPIRES DE L&#8217;AFRIQUE SUBSAHARIENNE, LE SONGHAY ENTRE (1464-1591).<\/p>\n<div class=\"et_pb_text_inner\">\n<p>&nbsp;<\/p>\n<\/div>\n<\/div>\n<p>[\/et_pb_slide][et_pb_slide heading=&#8221;Editions AB&#8221; button_text=&#8221;ACHETEZ CE LIVRE &#8211; $22.00&#8243; button_link=&#8221;https:\/\/editionsab.shop\/&#8221; image=&#8221;https:\/\/editionsab.com\/wp-content\/uploads\/2021\/12\/Ebook-photo-4nov.jpg&#8221; _builder_version=&#8221;4.9.0&#8243; _module_preset=&#8221;default&#8221; header_level=&#8221;h1&#8243; header_font=&#8221;Nunito|700||on|||||&#8221; header_text_color=&#8221;#c7b4a8&#8243; header_font_size=&#8221;18px&#8221; header_letter_spacing=&#8221;2px&#8221; header_line_height=&#8221;1.8em&#8221; body_line_height=&#8221;3em&#8221; background_color=&#8221;rgba(0,0,0,0)&#8221; background_enable_color=&#8221;on&#8221; custom_button=&#8221;on&#8221; background_layout=&#8221;light&#8221; inline_fonts=&#8221;Playfair Display&#8221; sticky_transition=&#8221;on&#8221;]<\/p>\n<div class=\"et_pb_module et_pb_text et_pb_text_1 et_pb_text_align_left et_pb_bg_layout_light et_had_animation\">\n<div class=\"et_pb_text_inner\">\n<p><strong>ATEBA BEKILA FRANCIS AIM\u00c9\u00a0<\/strong><\/p>\n<\/div>\n<\/div>\n<div class=\"et_pb_module et_pb_text et_pb_text_2 et_pb_text_align_left et_pb_bg_layout_light et_had_animation\">\n<div class=\"et_pb_text_inner\">\n<p><strong>RECUEIL DE POEMES<\/strong><\/p>\n<p><strong><em>BALLADE AUX ABYSSES DE L\u2019AME<\/em><\/strong><\/p>\n<p>BALLADE AUX ABYSSES DE L&#8217;\u00c2ME EST UNE RECUEIL DE PO\u00c8MES DANS LEQUEL SONT \u00c9VOQU\u00c9ES DES TH\u00c9MATIQUES TELLES QUE: L&#8217;AMOUR, L&#8217;AFRIQUE, DIEU, L&#8217;ESPOIR, LA MIS\u00c8RE, LA SOLLITUDE OU ENCORE LES SOUVENIRS. SUJETS INTEMPORELS ET \u00c9VOCATEURS POUR TOUT UN CHACUN, PORT\u00c9S PAR UNE LANGUE \u00c9L\u00c9GANTE ET D\u00c9LICATE AUX MOTS ET FIGURES DE STYLE SOIGNEUSEMENT CHOISIS.\u00a0<\/p>\n<\/div>\n<div class=\"et_pb_text_inner\">\n<p>&nbsp;<\/p>\n<\/div>\n<\/div>\n<p>[\/et_pb_slide][et_pb_slide heading=&#8221;Editions AB&#8221; button_text=&#8221;ACHETEZ CE LIVRE &#8211; $22.00&#8243; button_link=&#8221;https:\/\/editionsab.shop\/&#8221; image=&#8221;https:\/\/editionsab.com\/wp-content\/uploads\/2022\/01\/Ebook-cover-corrige-Arthur-jpeg-scaled.jpg&#8221; _builder_version=&#8221;4.9.0&#8243; _module_preset=&#8221;default&#8221; header_level=&#8221;h1&#8243; header_font=&#8221;Nunito|700||on|||||&#8221; header_text_color=&#8221;#c7b4a8&#8243; header_font_size=&#8221;18px&#8221; header_letter_spacing=&#8221;2px&#8221; header_line_height=&#8221;1.8em&#8221; body_line_height=&#8221;3em&#8221; background_color=&#8221;rgba(0,0,0,0)&#8221; background_enable_color=&#8221;on&#8221; custom_button=&#8221;on&#8221; background_layout=&#8221;light&#8221; inline_fonts=&#8221;Playfair Display&#8221; sticky_transition=&#8221;on&#8221;]<\/p>\n<div class=\"et_pb_module et_pb_text et_pb_text_1 et_pb_text_align_left et_pb_bg_layout_light et_had_animation\">\n<div class=\"et_pb_text_inner\">\n<p><strong>SOUS LA DIRECTION D&#8217;ARTHUR VIDO\u00a0<\/strong><\/p>\n<\/div>\n<\/div>\n<div class=\"et_pb_module et_pb_text et_pb_text_2 et_pb_text_align_left et_pb_bg_layout_light et_had_animation\">\n<div class=\"et_pb_text_inner\">\n<p><b>LA BIOGRAPHIE HISTORIQUE AU COEUR DE L&#8217;IDENTIT\u00c9 B\u00c9NINOISE (XVIIE-XXE SI\u00c8CLES):\u00a0<\/b><\/p>\n<p>T\u00c9 AGBANLIN, AYISAN, HOUFFON, BOKOKP\u00c9, ADANDOZAN, NAN ZOGNIDI, TOFA, HAZUNM\u00c9, AGOLI-AGBO ET WANILO.<\/p>\n<p>LE PROJET D&#8217;UN RECUEIL DE TRAVAUX CONSACR\u00c9S AUX BIOGRAPHIES NE REPOSE EN AUCUN CAS SUR LE SIMPLE D\u00c9SIR D&#8217;\u00c9CRIRE L&#8217;HISTOIRE DES GRANDS OU DES H\u00c9ROS. IL ANALYSE PLUT\u00d4T QUELQUES ASPECTS D&#8217;UNE SOCI\u00c9T\u00c9 DONN\u00c9E \u00c0 TRAVERS LA VIE ET L&#8217;OEUVRE DE\u00a0 DE T\u00c9 AGBANLIN (HOGBONOU), AYISAN (SAH\u00c9), HOUFFON (SAH\u00c9), BOKOKP\u00c9 (DANXOM\u00c9), ADANDOZAN, (DANXOM\u00c9), <em>NAN ZOAN ZOGNIDI (DANXOM\u00c9), TOFA (HOGBONOU), HAZUM\u00c9 (HOGBONOU)<\/em>,AGOLI-AGBO (DANXOM\u00c9\/DAHOMEY). L<\/p>\n<\/div>\n<\/div>\n<p>[\/et_pb_slide][et_pb_slide heading=&#8221;Editions AB&#8221; button_text=&#8221;ACHETEZ CE LIVRE &#8211; $22.00&#8243; button_link=&#8221;https:\/\/editionsab.shop\/&#8221; image=&#8221;https:\/\/editionsab.com\/wp-content\/uploads\/2022\/01\/Ebook-Jpeg-1-scaled.jpg&#8221; _builder_version=&#8221;4.9.0&#8243; _module_preset=&#8221;default&#8221; header_level=&#8221;h1&#8243; header_font=&#8221;Nunito|700||on|||||&#8221; header_text_color=&#8221;#c7b4a8&#8243; header_font_size=&#8221;18px&#8221; header_letter_spacing=&#8221;2px&#8221; header_line_height=&#8221;1.8em&#8221; body_line_height=&#8221;3em&#8221; background_color=&#8221;rgba(0,0,0,0)&#8221; background_enable_color=&#8221;on&#8221; custom_button=&#8221;on&#8221; background_layout=&#8221;light&#8221; inline_fonts=&#8221;Playfair Display&#8221; sticky_transition=&#8221;on&#8221;]<\/p>\n<div class=\"et_pb_module et_pb_text et_pb_text_1 et_pb_text_align_left et_pb_bg_layout_light et_had_animation\">\n<div class=\"et_pb_text_inner\">\n<h3>MARIUS VIDO\u00a0<\/h3>\n<h3>POUR UNE HISTOIRE DE L&#8217;HYGI\u00c8NE DANS LE SUD-B\u00c9NIN XVIIE-XXE SI\u00c8CLES<\/h3>\n<\/div>\n<\/div>\n<div class=\"et_pb_module et_pb_text et_pb_text_2 et_pb_text_align_left et_pb_bg_layout_light et_had_animation\">\n<div class=\"et_pb_text_inner\">\n<h4>L&#8217;HISTORIOGRAPHIE B\u00c9NINOISE EST PAUVRE EN MATI\u00c8RE D&#8217;\u00c9TUDES SUR L&#8217;HYGI\u00c8NE DES POPULATIONS DU LA P\u00c9RIODE ANT\u00c9RIEURE \u00c0 LA COLONISATION. DANS LE B\u00c9NIN M\u00c9RIDIONAL, O\u00d9 ET COMMENT SE LAVAIENT LES LES POPULATIONS? \u00c0 QUELLE FR\u00c9QUENCE, PRENAIENT-ELLES LE BAIN? QUELS SOINS ACCORDAIENT-ELLES \u00c0 LEUR DENTITION? QUELLE \u00c9TAIT LA QUALIT\u00c9 DE L&#8217;EAU QU&#8217;ELLES UTILISAIENT? POSS\u00c9DAIENT-ELLES DES LATRINES? COMMENT \u00c9TAIENT G\u00c9R\u00c9ES LES ORDURES?<\/h4>\n<p>&nbsp;<\/p>\n<p>&nbsp;<\/p>\n<\/div>\n<div class=\"et_pb_text_inner\">\n<p>&nbsp;<\/p>\n<\/div>\n<\/div>\n<p>[\/et_pb_slide][et_pb_slide heading=&#8221;Editions AB&#8221; button_text=&#8221;ACHETEZ CE LIVRE &#8211; $22.00&#8243; button_link=&#8221;https:\/\/editionsab.shop\/&#8221; image=&#8221;https:\/\/editionsab.com\/wp-content\/uploads\/2021\/12\/Ebook-1-jpeg.jpg&#8221; _builder_version=&#8221;4.9.0&#8243; _module_preset=&#8221;default&#8221; header_level=&#8221;h1&#8243; header_font=&#8221;Nunito|700||on|||||&#8221; header_text_color=&#8221;#c7b4a8&#8243; header_font_size=&#8221;18px&#8221; header_letter_spacing=&#8221;2px&#8221; header_line_height=&#8221;1.8em&#8221; body_line_height=&#8221;3em&#8221; background_color=&#8221;rgba(0,0,0,0)&#8221; background_enable_color=&#8221;on&#8221; custom_button=&#8221;on&#8221; background_layout=&#8221;light&#8221; inline_fonts=&#8221;Playfair Display&#8221; sticky_transition=&#8221;on&#8221;]<\/p>\n<div class=\"et_pb_module et_pb_text et_pb_text_1 et_pb_text_align_left et_pb_bg_layout_light et_had_animation\">\n<div class=\"et_pb_text_inner\">\n<h1><strong>Kouakou D\u00c9SIR\u00c9 M\u2019BRAH<\/strong><\/h1>\n<h3><strong>LE TCHOLOGO\u00a0 <\/strong><strong>HISTOIRE D\u2019UNE INSTITUTION SECULAIRE NIARAFOLO\u00a0<\/strong><\/h3>\n<\/div>\n<\/div>\n<div class=\"et_pb_module et_pb_text et_pb_text_2 et_pb_text_align_left et_pb_bg_layout_light et_had_animation\">\n<div class=\"et_pb_text_inner\">\n<h4>EN AFRIQUE, L&#8217;\u00c9TUDE DES SOCI\u00c9T\u00c9S INITIATIQUES EST UNE ENTREPRISE PARTICULI\u00c8REMENT D\u00c9LICATE\u00a0 Afrique, CAR ELLE ENFERME IN\u00c9VITABLEMENT LE CHERCHEUR DANS LE DILEMNE DU SECRET INITIATIQUE: LE PROFANE NE PEUT RIEN DIRE CAR IL EST IGNORANT; L&#8217;INITI\u00c9 NE PEUT RIEN DIRE CAR IL EST TENU SECRET. OR LES SOCI\u00c9T\u00c9S AFRICAINES DE L&#8217;ORALIT\u00c9 ONT BESOIN DE FIXER PAR L&#8217;\u00c9CRITURE LEURS CONNAISSANCES ET LEURS RITUELLS.<\/h4>\n<p>&nbsp;<\/p>\n<p>&nbsp;<\/p>\n<\/div>\n<div class=\"et_pb_text_inner\">\n<p>&nbsp;<\/p>\n<\/div>\n<\/div>\n<p>[\/et_pb_slide][et_pb_slide heading=&#8221;Editions AB&#8221; button_text=&#8221;ACHETEZ CE LIVRE &#8211; $20.00&#8243; button_link=&#8221;https:\/\/editionsab.shop\/&#8221; image=&#8221;https:\/\/editionsab.com\/wp-content\/uploads\/2022\/07\/Ebook-recto-jpeg.jpg&#8221; _builder_version=&#8221;4.9.0&#8243; _module_preset=&#8221;default&#8221; header_level=&#8221;h1&#8243; header_font=&#8221;Nunito|700||on|||||&#8221; header_text_color=&#8221;#c7b4a8&#8243; header_font_size=&#8221;18px&#8221; header_letter_spacing=&#8221;2px&#8221; header_line_height=&#8221;1.8em&#8221; body_line_height=&#8221;3em&#8221; background_color=&#8221;rgba(0,0,0,0)&#8221; background_enable_color=&#8221;on&#8221; custom_button=&#8221;on&#8221; background_layout=&#8221;light&#8221; inline_fonts=&#8221;Playfair Display&#8221; sticky_transition=&#8221;on&#8221;]<\/p>\n<div class=\"et_pb_module et_pb_text et_pb_text_1 et_pb_text_align_left et_pb_bg_layout_light et_had_animation\">\n<div class=\"et_pb_text_inner\">\n<h1><strong>ALY CAMARA<\/strong><\/h1>\n<h3><b>RECUEIL DE POEMES<\/b><\/h3>\n<h3>\u00a0<\/h3>\n<h3>Ma po\u00e9sie est un vent qui tamise tout sur son passage. Au quotidien, j&#8217;\u00e9cris pour immortaliser mes id\u00e9es \u00e0 travers des vers. Mes po\u00e8mes touchent le plus souvent l&#8217;\u00e9ducation, le social d&#8217;o\u00f9 ils portent conseil mais aussi ils d\u00e9noncent l&#8217;injustice d&#8217;une mani\u00e8re g\u00e9n\u00e9rale. Avec ma plume je veux donner l&#8217;espoir aux vaillants hommes et femmes qui sont \u00e9pris d&#8217;amour et d&#8217;\u00e9quit\u00e9 sociale.<\/h3>\n<\/div>\n<\/div>\n<div class=\"et_pb_module et_pb_text et_pb_text_2 et_pb_text_align_left et_pb_bg_layout_light et_had_animation\">\n<div class=\"et_pb_text_inner\">\n<p>&nbsp;<\/p>\n<\/div>\n<\/div>\n<p>[\/et_pb_slide][et_pb_slide heading=&#8221;Editions AB&#8221; button_text=&#8221;ACHETEZ CE LIVRE &#8211; $20.00&#8243; button_link=&#8221;https:\/\/editionsab.shop\/&#8221; image=&#8221;https:\/\/editionsab.com\/wp-content\/uploads\/2022\/07\/Carmem-Danxome-Histoire-12-juillet-scaled.jpg&#8221; _builder_version=&#8221;4.9.0&#8243; _module_preset=&#8221;default&#8221; header_level=&#8221;h1&#8243; header_font=&#8221;Nunito|700||on|||||&#8221; header_text_color=&#8221;#c7b4a8&#8243; header_font_size=&#8221;18px&#8221; header_letter_spacing=&#8221;2px&#8221; header_line_height=&#8221;1.8em&#8221; body_line_height=&#8221;3em&#8221; background_color=&#8221;rgba(0,0,0,0)&#8221; background_enable_color=&#8221;on&#8221; custom_button=&#8221;on&#8221; background_layout=&#8221;light&#8221; inline_fonts=&#8221;Playfair Display&#8221; sticky_transition=&#8221;on&#8221;]<\/p>\n<div class=\"et_pb_module et_pb_text et_pb_text_1 et_pb_text_align_left et_pb_bg_layout_light et_had_animation\">\n<div class=\"et_pb_text_inner\">\n<p>Carmel D\u00e9m\u00e8gnon. F KPLELI<\/p>\n<h3><strong>L\u2019ISLAM DANS L\u2019HISTOIRE DU ROYAUME DU DANXOM\u00c9 DU XVII<sup>e<\/sup> AU XIX<sup>e<\/sup> SI\u00c8CLES<\/strong><\/h3>\n<h3>\u00a0<\/h3>\n<h3>Le royaume du Danxom\u00e8 est l&#8217;un des prestigieux royaumes qui a marqu\u00e9 tout le territoire du Dahomey, l&#8217;actuelle R\u00e9publique du B\u00e9nin. La complexit\u00e9 des actions entreprises par les diff\u00e9rents rois qui ont r\u00e9gn\u00e9 sur le royaume justifie la pluralit\u00e9 des diff\u00e9rentes \u00e9tudes men\u00e9es sur ce royaume. C&#8217;est au nombre de ces diff\u00e9rents travaux que s&#8217;inscrit notre th\u00e8me \u00ab L\u2019islam dans l&#8217;histoire du royaume du Danxom\u00e8 du XVII<sup>e<\/sup> au XIX<sup>e<\/sup> si\u00e8cles\u00a0\u00bb.<\/h3>\n<\/div>\n<\/div>\n<div class=\"et_pb_module et_pb_text et_pb_text_2 et_pb_text_align_left et_pb_bg_layout_light et_had_animation\">\n<div class=\"et_pb_text_inner\">\n<p>&nbsp;<\/p>\n<\/div>\n<\/div>\n<p>[\/et_pb_slide][et_pb_slide heading=&#8221;Editions AB&#8221; button_text=&#8221;ACHETEZ CE LIVRE &#8211; $15.00&#8243; button_link=&#8221;https:\/\/editionsab.shop\/&#8221; image=&#8221;https:\/\/editionsab.com\/wp-content\/uploads\/2022\/01\/Ebook-Jpeg.jpg&#8221; _builder_version=&#8221;4.9.0&#8243; _module_preset=&#8221;default&#8221; header_level=&#8221;h1&#8243; header_font=&#8221;Nunito|700||on|||||&#8221; header_text_color=&#8221;#c7b4a8&#8243; header_font_size=&#8221;18px&#8221; header_letter_spacing=&#8221;2px&#8221; header_line_height=&#8221;1.8em&#8221; body_line_height=&#8221;3em&#8221; background_color=&#8221;rgba(0,0,0,0)&#8221; background_enable_color=&#8221;on&#8221; custom_button=&#8221;on&#8221; background_layout=&#8221;light&#8221; inline_fonts=&#8221;Playfair Display&#8221; sticky_transition=&#8221;on&#8221;]<\/p>\n<div class=\"et_pb_module et_pb_text et_pb_text_1 et_pb_text_align_left et_pb_bg_layout_light et_had_animation\">\n<div class=\"et_pb_text_inner\">\n<h2><strong>AMADOU BA<\/strong><\/h2>\n<p><strong>John Ware 1845-1905<\/strong><\/p>\n<h3><strong>A Western Canadian Black Cowboy <\/strong><\/h3>\n<h3>\u00a0<\/h3>\n<h3>John Ware lived between 1845 and 1905. Born in South Carolina, where he lived until the age of twenty, he then spent 17 years of his life in Texas. However, most of John Ware&#8217;s life was spent in Alberta, Canada (1882-1905), where he was a cowboy, soldier, and ranch owner.<\/h3>\n<\/div>\n<\/div>\n<div class=\"et_pb_module et_pb_text et_pb_text_2 et_pb_text_align_left et_pb_bg_layout_light et_had_animation\">\n<div class=\"et_pb_text_inner\">\n<p>&nbsp;<\/p>\n<\/div>\n<\/div>\n<p>[\/et_pb_slide][et_pb_slide heading=&#8221;Editions AB&#8221; button_text=&#8221;ACHETEZ CE LIVRE &#8211; $26.00&#8243; button_link=&#8221;https:\/\/editionsab.shop\/&#8221; image=&#8221;https:\/\/editionsab.com\/wp-content\/uploads\/2022\/10\/Couverture-recto-jpeg-.jpg&#8221; _builder_version=&#8221;4.9.0&#8243; _module_preset=&#8221;default&#8221; header_level=&#8221;h1&#8243; header_font=&#8221;Nunito|700||on|||||&#8221; header_text_color=&#8221;#c7b4a8&#8243; header_font_size=&#8221;18px&#8221; header_letter_spacing=&#8221;2px&#8221; header_line_height=&#8221;1.8em&#8221; body_line_height=&#8221;3em&#8221; background_color=&#8221;rgba(0,0,0,0)&#8221; background_enable_color=&#8221;on&#8221; custom_button=&#8221;on&#8221; background_layout=&#8221;light&#8221; inline_fonts=&#8221;Playfair Display&#8221; sticky_transition=&#8221;on&#8221;]<\/p>\n<div class=\"et_pb_module et_pb_text et_pb_text_1 et_pb_text_align_left et_pb_bg_layout_light et_had_animation\">\n<div class=\"et_pb_text_inner\">\n<h2><strong>AMADOU BA<\/strong><\/h2>\n<p><b>James Douglas (1803-1877)<\/b><\/p>\n<p>Le \u00ab\u00a0Barack Obama\u00a0\u00bb canadien longtemps avant celui des \u00c9tats-Unis<\/p>\n<p>Ce livre retrace l\u2019histoire d\u2019une grande personnalit\u00e9 canadienne James Douglas et insiste sur un fait m\u00e9connu de cet homme, \u00e0 savoir sa part d\u2019afro canadien. James Douglas est n\u00e9 en 1803 \u00e0 Demerara, en Guyane britannique, qui est aujourd&#8217;hui la Guyane. Son p\u00e8re \u00e9tait un marchand \u00e9cossais ayant des int\u00e9r\u00eats commerciaux dans les plantations de canne \u00e0 sucre, sa m\u00e8re \u00e9tait une femme noire libre d&#8217;ascendance barbado-cr\u00e9ole. James Douglas a occup\u00e9 les plus hautes fonctions politiques de son temps et est aujourd\u2019hui consid\u00e9r\u00e9 comme un des p\u00e8res fondateurs de la Colombie-Britannique et du Canada moderne. Son origine d\u2019afro descendant par sa m\u00e8re et son parcours exceptionnel en politique lui vaut le surnom de \u00ab\u00a0Barack Obama\u00a0\u00bb canadien longtemps avant celui des \u00c9tats-Unis.<\/p>\n<\/div>\n<\/div>\n<div class=\"et_pb_module et_pb_text et_pb_text_2 et_pb_text_align_left et_pb_bg_layout_light et_had_animation\">\n<div class=\"et_pb_text_inner\">\n<p>&nbsp;<\/p>\n<\/div>\n<\/div>\n<p>[\/et_pb_slide][et_pb_slide heading=&#8221;Editions AB&#8221; button_text=&#8221;ACHETEZ CE LIVRE &#8211; $28.00&#8243; button_link=&#8221;https:\/\/editionsab.shop\/&#8221; image=&#8221;https:\/\/editionsab.com\/wp-content\/uploads\/2022\/10\/Couverture-recto-rougate-jpeg-.jpg&#8221; _builder_version=&#8221;4.9.0&#8243; _module_preset=&#8221;default&#8221; header_level=&#8221;h1&#8243; header_font=&#8221;Nunito|700||on|||||&#8221; header_text_color=&#8221;#c7b4a8&#8243; header_font_size=&#8221;18px&#8221; header_letter_spacing=&#8221;2px&#8221; header_line_height=&#8221;1.8em&#8221; body_line_height=&#8221;3em&#8221; background_color=&#8221;rgba(0,0,0,0)&#8221; background_enable_color=&#8221;on&#8221; custom_button=&#8221;on&#8221; background_layout=&#8221;light&#8221; inline_fonts=&#8221;Playfair Display&#8221; sticky_transition=&#8221;on&#8221;]<\/p>\n<div class=\"et_pb_module et_pb_text et_pb_text_1 et_pb_text_align_left et_pb_bg_layout_light et_had_animation\">\n<div class=\"et_pb_text_inner\">\n<h2><strong>OUSMANE\u00a0 BA<\/strong><\/h2>\n<p>ROI DU BALLON ROND.<\/p>\n<p>Sur les traces de Sadio Man\u00e9, l\u2019enfant de Bambali<\/p>\n<p>D\u00e8s sa tendre enfance il ne jurait que par et pour le football, ses efforts et actes \u00e9taient tous guid\u00e9s par l\u2019amour du ballon. Sadio Man\u00e9 savait bien que ses chances de devenir footballeur professionnel sont tr\u00e8s limit\u00e9es dans son village natal. De la G\u00e9n\u00e9ration Foot \u00e0 la Bundesliga en Allemagne en passant par la Ligue 1 fran\u00e7aise, l\u2019Autriche et plus tard la Premier League anglaise o\u00f9 Sadio Man\u00e9 a glan\u00e9 un nombre impressionnant de troph\u00e9es tant sur le plan collectif qu\u2019individuel. Leader hors pair, Sadio Man\u00e9 a pu, avec ses co\u00e9quipiers bien s\u00fbr mettre enfin un petit sourire sur le visage du peuple s\u00e9n\u00e9galais en lui offrant le premier troph\u00e9e continental en 2022, que le S\u00e9n\u00e9gal attendait depuis longtemps.\u00a0<\/p>\n<\/div>\n<\/div>\n<div class=\"et_pb_module et_pb_text et_pb_text_2 et_pb_text_align_left et_pb_bg_layout_light et_had_animation\">\n<div class=\"et_pb_text_inner\">\n<p>&nbsp;<\/p>\n<\/div>\n<\/div>\n<p>[\/et_pb_slide][et_pb_slide heading=&#8221;Editions AB&#8221; button_text=&#8221;ACHETEZ CE LIVRE &#8211; $25.00&#8243; button_link=&#8221;https:\/\/editionsab.shop\/&#8221; image=&#8221;https:\/\/editionsab.com\/wp-content\/uploads\/2023\/02\/Couverture-recto-jpeg.jpg&#8221; _builder_version=&#8221;4.9.0&#8243; _module_preset=&#8221;default&#8221; header_level=&#8221;h1&#8243; header_font=&#8221;Nunito|700||on|||||&#8221; header_text_color=&#8221;#c7b4a8&#8243; header_font_size=&#8221;18px&#8221; header_letter_spacing=&#8221;2px&#8221; header_line_height=&#8221;1.8em&#8221; body_line_height=&#8221;3em&#8221; background_color=&#8221;rgba(0,0,0,0)&#8221; background_enable_color=&#8221;on&#8221; custom_button=&#8221;on&#8221; background_layout=&#8221;light&#8221; inline_fonts=&#8221;Playfair Display&#8221; sticky_transition=&#8221;on&#8221;]<\/p>\n<div class=\"et_pb_module et_pb_text et_pb_text_1 et_pb_text_align_left et_pb_bg_layout_light et_had_animation\">\n<div class=\"et_pb_text_inner\">\n<h3><strong>AMADOU\u00a0 BA<\/strong><\/h3>\n<h1><strong>AMAZONES DES NEIGES<\/strong><\/h1>\n<h4><strong>Ces grandes dames afro descendantes qui ont marqu\u00e9 l\u2019histoire du Canada <\/strong><strong>(1725-1982)<\/strong><\/h4>\n<p>Ce livre comble un tr\u00e8s grand vide historique en retra\u00e7ant les biographies de quinze grandes figures f\u00e9minines afro descendantes sur une p\u00e9riode de pr\u00e8s de trois cents ans plus pr\u00e9cis\u00e9ment entre 1725 et 1982. Il invite ainsi \u00e0 la d\u00e9couverte des actions d\u00e9terminantes et h\u00e9ritages de ces h\u00e9ro\u00efnes afro canadiennes encore peu connues dans le pays, telles que Marie Joseph Ang\u00e9lique de la Nouvelle-France (1705-1734), Chlo\u00e9 Cooley du Haut Canada actuel Ontario dans les ann\u00e9es 1790, Rose Fortune (1774-1864) et Viola Desmond de la Nouvelle-\u00c9cosse (1914-1965), sans oublier Rosemary Brown (1930-2003) de la Colombie-Britannique et Mattie Mayes (1858-1953) de la Saskatchewan et tant d\u2019autres encore.<\/p>\n<\/div>\n<\/div>\n<div class=\"et_pb_module et_pb_text et_pb_text_2 et_pb_text_align_left et_pb_bg_layout_light et_had_animation\">\n<div class=\"et_pb_text_inner\">\n<p>&nbsp;<\/p>\n<\/div>\n<\/div>\n<p>[\/et_pb_slide][et_pb_slide heading=&#8221;Editions AB&#8221; button_text=&#8221;ACHETEZ CE LIVRE &#8211; $26.72&#8243; button_link=&#8221;https:\/\/editionsab.shop\/&#8221; image=&#8221;https:\/\/editionsab.com\/wp-content\/uploads\/2023\/02\/Ebook-jpeg-recto.jpg&#8221; _builder_version=&#8221;4.9.0&#8243; _module_preset=&#8221;default&#8221; header_level=&#8221;h1&#8243; header_font=&#8221;Nunito|700||on|||||&#8221; header_text_color=&#8221;#c7b4a8&#8243; header_font_size=&#8221;18px&#8221; header_letter_spacing=&#8221;2px&#8221; header_line_height=&#8221;1.8em&#8221; body_line_height=&#8221;3em&#8221; background_color=&#8221;rgba(0,0,0,0)&#8221; background_enable_color=&#8221;on&#8221; custom_button=&#8221;on&#8221; background_layout=&#8221;light&#8221; inline_fonts=&#8221;Playfair Display&#8221; sticky_transition=&#8221;on&#8221;]<\/p>\n<div class=\"et_pb_module et_pb_text et_pb_text_1 et_pb_text_align_left et_pb_bg_layout_light et_had_animation\">\n<div class=\"et_pb_text_inner\">\n<h3><strong>AMOS YAO SANI<\/strong><\/h3>\n<h4 style=\"text-align: center;\"><strong>CETTE AFRIQUE DES MARIONNETES ET DU MENSONGE DES SCIENCES<\/strong><\/h4>\n<h5>En afro-optimiste et d\u00e9fenseur de la dignit\u00e9 humaine, en occurrence de l\u2019Africain, notre auteur, \u00e0 travers les pages de cet opus, essaie d\u2019analyser les sources et raisons de l\u2019acharnement des Occidentaux et Orientaux sur l\u2019Afrique, sur ses filles et fils o\u00f9 qu\u2019ils se trouvent dans le monde. Homme de foi en un Cr\u00e9ateur supr\u00eame et au caract\u00e8re objectif -impartial- de la Science,\u00a0<span class=\"a-text-bold\">M. Yao A. Sani<\/span>\u00a0s\u2019\u00e9tonne du r\u00f4le que les religions, surtout les trois dites monoth\u00e9istes, et les sciences, en particulier, humaines, sociales et biologiques, ont jou\u00e9 dans le processus d\u2019ali\u00e9nation et du viol de l\u2019Afrique.<\/h5>\n<\/div>\n<\/div>\n<div class=\"et_pb_module et_pb_text et_pb_text_2 et_pb_text_align_left et_pb_bg_layout_light et_had_animation\">\n<div class=\"et_pb_text_inner\">\n<p>&nbsp;<\/p>\n<\/div>\n<\/div>\n<p>[\/et_pb_slide][et_pb_slide heading=&#8221;Editions AB&#8221; button_text=&#8221;ACHETEZ CE LIVRE &#8211; $20.99&#8243; button_link=&#8221;https:\/\/editionsab.shop\/&#8221; image=&#8221;https:\/\/editionsab.com\/wp-content\/uploads\/2023\/06\/Recto-jpeg.jpg&#8221; _builder_version=&#8221;4.9.0&#8243; _module_preset=&#8221;default&#8221; header_level=&#8221;h1&#8243; header_font=&#8221;Nunito|700||on|||||&#8221; header_text_color=&#8221;#c7b4a8&#8243; header_font_size=&#8221;18px&#8221; header_letter_spacing=&#8221;2px&#8221; header_line_height=&#8221;1.8em&#8221; body_line_height=&#8221;3em&#8221; background_color=&#8221;rgba(0,0,0,0)&#8221; background_enable_color=&#8221;on&#8221; custom_button=&#8221;on&#8221; background_layout=&#8221;light&#8221; inline_fonts=&#8221;Playfair Display&#8221; sticky_transition=&#8221;on&#8221;]<\/p>\n<div class=\"et_pb_module et_pb_text et_pb_text_1 et_pb_text_align_left et_pb_bg_layout_light et_had_animation\">\n<div class=\"et_pb_text_inner\">\n<h3><strong>Amadou Ba<\/strong><\/h3>\n<h4 style=\"text-align: center;\"><strong>A \u00c1FRICA DOS GRANDES<\/strong><\/h4>\n<h4 style=\"text-align: center;\"><strong> IMP\u00c9RIOS (DO S<sup>7<\/sup> AT\u00c9 O S<sup>17<\/sup>)<\/strong><\/h4>\n<h5>Este livro revisita uma hist\u00f3ria muito pouco ensinada e divulgada em \u00c1frica e no resto do mundo, a dos Grandes Imp\u00e9rios que marcaram o continente africano entre os s\u00e9culos VII e XVII. Durante este longo per\u00edodo de mil anos, a \u00c1frica conheceu grandes entidades pol\u00edticas, prosperidade econ\u00f3mica, grandes espa\u00e7os culturais e coes\u00e3o social atrav\u00e9s de grandes Estados. \u00c9 esta \u00c1frica de ontem examinada neste livro que ser\u00e1 a \u00c1frica de amanh\u00e3 se quisermos e devemos sair desta situa\u00e7\u00e3o mortal em que as popula\u00e7\u00f5es africanas est\u00e3o mergulhadas h\u00e1 s\u00e9culos. A \u00fanica solu\u00e7\u00e3o \u00e9 criar grandes espa\u00e7os pol\u00edticos, econ\u00f3micos e sociais e depois avan\u00e7ar para a cria\u00e7\u00e3o de um Estado federal continental, bem estruturado, democr\u00e1tico, respeitador dos direitos e liberdades dos povos.<\/h5>\n<\/div>\n<\/div>\n<div class=\"et_pb_module et_pb_text et_pb_text_2 et_pb_text_align_left et_pb_bg_layout_light et_had_animation\">\n<div class=\"et_pb_text_inner\">\n<p>&nbsp;<\/p>\n<\/div>\n<\/div>\n<p>[\/et_pb_slide][et_pb_slide heading=&#8221;Editions AB&#8221; button_text=&#8221;ACHETEZ CE LIVRE &#8211; $26.99&#8243; button_link=&#8221;https:\/\/editionsab.shop\/&#8221; image=&#8221;https:\/\/editionsab.com\/wp-content\/uploads\/2023\/08\/Cover-_Recto-ok-scaled.jpg&#8221; _builder_version=&#8221;4.9.0&#8243; _module_preset=&#8221;default&#8221; header_level=&#8221;h1&#8243; header_font=&#8221;Nunito|700||on|||||&#8221; header_text_color=&#8221;#c7b4a8&#8243; header_font_size=&#8221;18px&#8221; header_letter_spacing=&#8221;2px&#8221; header_line_height=&#8221;1.8em&#8221; body_line_height=&#8221;3em&#8221; background_color=&#8221;rgba(0,0,0,0)&#8221; background_enable_color=&#8221;on&#8221; custom_button=&#8221;on&#8221; background_layout=&#8221;light&#8221; hover_enabled=&#8221;0&#8243; inline_fonts=&#8221;Playfair Display&#8221; sticky_transition=&#8221;on&#8221; sticky_enabled=&#8221;0&#8243;]<\/p>\n<div class=\"et_pb_module et_pb_text et_pb_text_1 et_pb_text_align_left et_pb_bg_layout_light et_had_animation\">\n<div class=\"et_pb_text_inner\">\n<h3><strong>Amadou Ba<\/strong><\/h3>\n<h3><strong>DE SOUNDJATA KE\u00cfTA <\/strong><strong>\u00c0 ASSIMI GO\u00cfTA\u00a0 \u00a0 \u00a0 \u00a0 \u00a0 \u00a0<\/strong><strong>(1235-2023)\u00a0<\/strong><\/h3>\n<h5><strong><em>LES RACINES PROFONDES DE LA\u00a0 R\u00c9VOLUTION DU <\/em><\/strong><strong><em>MALI-KOURA<\/em><\/strong><\/h5>\n<h4 style=\"text-align: center;\">\u00a0<\/h4>\n<h5>Notre qu\u00eate permanente de souverainet\u00e9, de respect, de respectabilit\u00e9, de dignit\u00e9 et de grandeur ne trouve-t-elle pas ses origines dans notre h\u00e9ritage historique et culturel? Cette question pertinente a \u00e9t\u00e9 soulev\u00e9e par le ministre des Affaires \u00e9trang\u00e8res du Mali, l\u2019ambassadeur Abdoulaye Diop dans une de ses sorties. Ce livre apporte une r\u00e9ponse \u00e0 cette question et analyse en profondeur l&#8217;histoire du Mali depuis le 13e si\u00e8cle.<\/h5>\n<\/div>\n<\/div>\n<div class=\"et_pb_module et_pb_text et_pb_text_2 et_pb_text_align_left et_pb_bg_layout_light et_had_animation\">\n<div class=\"et_pb_text_inner\">\n<p>&nbsp;<\/p>\n<\/div>\n<\/div>\n<p>[\/et_pb_slide][\/et_pb_slider][\/et_pb_column][\/et_pb_row][\/et_pb_section][et_pb_section fb_built=&#8221;1&#8243; custom_padding_last_edited=&#8221;off|desktop&#8221; admin_label=&#8221;Author Section&#8221; _builder_version=&#8221;4.9.0&#8243; background_color_gradient_direction=&#8221;90deg&#8221; parallax=&#8221;on&#8221; custom_margin=&#8221;|||&#8221; custom_margin_tablet=&#8221;0px|||&#8221; custom_margin_last_edited=&#8221;off|desktop&#8221; custom_padding=&#8221;100px||100px|&#8221; custom_padding_tablet=&#8221;70px||120px|&#8221; locked=&#8221;off&#8221;][et_pb_row _builder_version=&#8221;3.25&#8243; max_width=&#8221;800px&#8221; use_custom_width=&#8221;on&#8221; custom_width_px=&#8221;800px&#8221; locked=&#8221;off&#8221;][et_pb_column type=&#8221;4_4&#8243; _builder_version=&#8221;3.25&#8243; custom_padding=&#8221;|||&#8221; custom_padding__hover=&#8221;|||&#8221;][et_pb_image src=&#8221;https:\/\/editionsab.com\/wp-content\/uploads\/2021\/02\/logo_ABEDITIONS_3_B.png&#8221; title_text=&#8221;logo_ABEDITIONS_3_B&#8221; align_tablet=&#8221;center&#8221; align_phone=&#8221;&#8221; align_last_edited=&#8221;on|desktop&#8221; _builder_version=&#8221;4.9.0&#8243; max_width=&#8221;152px&#8221; module_alignment=&#8221;center&#8221; border_radii=&#8221;on|50%|50%|50%|50%&#8221;][\/et_pb_image][et_pb_text admin_label=&#8221;Title&#8221; _builder_version=&#8221;4.9.0&#8243; text_font=&#8221;Nunito|600|||||||&#8221; text_font_size=&#8221;15px&#8221; header_font=&#8221;||||||||&#8221; header_2_font=&#8221;Abhaya Libre|700|||||||&#8221; header_2_font_size=&#8221;64px&#8221; header_2_line_height=&#8221;1.2em&#8221; header_4_font=&#8221;Nunito|700||on|||||&#8221; header_4_text_color=&#8221;#bda392&#8243; header_4_letter_spacing=&#8221;2px&#8221; header_4_line_height=&#8221;1.8em&#8221; text_orientation=&#8221;center&#8221; custom_margin=&#8221;||40px|&#8221; animation_style=&#8221;fade&#8221; animation_direction=&#8221;right&#8221; animation_starting_opacity=&#8221;100%&#8221; header_font_size_tablet=&#8221;40px&#8221; header_font_size_last_edited=&#8221;off|desktop&#8221; header_2_font_size_tablet=&#8221;40px&#8221; header_2_font_size_phone=&#8221;&#8221; header_2_font_size_last_edited=&#8221;on|tablet&#8221; locked=&#8221;off&#8221;]<\/p>\n<h4>Publication<\/h4>\n<h2>EDITIONS AB\u00a0 ALKEBULAN<\/h2>\n<p>&nbsp;<\/p>\n<p>[\/et_pb_text][et_pb_text _builder_version=&#8221;4.9.0&#8243; text_font=&#8221;Nunito||||||||&#8221; text_font_size=&#8221;18px&#8221; text_line_height=&#8221;1.8em&#8221; header_font=&#8221;||||||||&#8221; text_orientation=&#8221;center&#8221; custom_margin=&#8221;|||&#8221; custom_padding=&#8221;||10px|&#8221; animation_style=&#8221;slide&#8221; animation_direction=&#8221;right&#8221; animation_intensity_slide=&#8221;5%&#8221; animation_starting_opacity=&#8221;100%&#8221; locked=&#8221;off&#8221;]<\/p>\n<p><span style=\"font-weight: 400;\"><span>Les \u00c9ditions AB sont une maison d'\u00e9dition internationale bas\u00e9e au Canada, une librairie sp\u00e9cialis\u00e9e en ligne et un distributeur de livres. Nous nous engageons \u00e0 accro\u00eetre la distribution de livres savants et diversifi\u00e9s ax\u00e9s sur l'Afrique et sa diaspora. Nos auteurs repr\u00e9sentent une vaste collection de livres de fiction et de non-fiction. Les \u00c9ditions AB ont un mandat unique, consacr\u00e9 au r\u00e9examen des perspectives historiques et mondiales. Nous publions des auteurs dont les livres encouragent la pens\u00e9e critique, les images positives et le partage de belles histoires sur des personnes de toutes les communaut\u00e9s sous-repr\u00e9sent\u00e9es, des grandes personnalit\u00e9s dont les \u0153uvres et les accomplissements sont m\u00e9connus. Notre objectif est d'\u00e9clairer et d'\u00e9largir les visions du monde.<\/span><\/span><\/p>\n<div class=\"adL\"><\/div>\n<p>[\/et_pb_text][\/et_pb_column][\/et_pb_row][\/et_pb_section]<\/p>","protected":false},"excerpt":{"rendered":"<p>[et_pb_section fb_built=&#8221;1&#8243; _builder_version=&#8221;4.9.0&#8243; _module_preset=&#8221;default&#8221; background_video_mp4=&#8221;https:\/\/editionsab.com\/wp-content\/uploads\/2020\/08\/Pexels-Videos-1793334.mp4&#8243; min_height=&#8221;100px&#8221;][\/et_pb_section][et_pb_section fb_built=&#8221;1&#8243; admin_label=&#8221;Best Selling Book Section&#8221; _builder_version=&#8221;4.9.0&#8243; use_background_color_gradient=&#8221;on&#8221; background_color_gradient_start=&#8221;rgba(148,166,191,0.34)&#8221; background_color_gradient_end=&#8221;#f4f4f4&#8243; background_color_gradient_direction=&#8221;90deg&#8221; background_color_gradient_start_position=&#8221;40%&#8221; background_color_gradient_end_position=&#8221;0%&#8221; background_image=&#8221;https:\/\/amadou.redesignhub.xyz\/wp-content\/uploads\/2020\/07\/paper.jpg&#8221; background_blend=&#8221;multiply&#8221; custom_padding=&#8221;100px|0|180px|&#8221; collapsed=&#8221;off&#8221;][et_pb_row admin_label=&#8221;Row&#8221; _builder_version=&#8221;4.5.1&#8243; background_color=&#8221;#383e59&#8243; background_size=&#8221;initial&#8221; background_position=&#8221;top_left&#8221; background_repeat=&#8221;repeat&#8221; max_width=&#8221;960px&#8221; custom_margin=&#8221;||40px|0px&#8221; custom_padding=&#8221;27px|40px||10%&#8221; animation_style=&#8221;slide&#8221; animation_direction=&#8221;left&#8221; animation_intensity_slide=&#8221;2%&#8221; border_radii=&#8221;||6px|6px|&#8221; border_width_right=&#8221;30px&#8221; border_color_right=&#8221;#bdada0&#8243; box_shadow_style=&#8221;preset2&#8243; box_shadow_color=&#8221;rgba(0,0,0,0.6)&#8221; use_custom_width=&#8221;on&#8221; custom_width_px=&#8221;960px&#8221;][et_pb_column type=&#8221;4_4&#8243; _builder_version=&#8221;3.25&#8243; custom_padding=&#8221;|||&#8221; custom_padding_tablet=&#8221;|||10%&#8221; custom_padding_last_edited=&#8221;off|desktop&#8221; padding_tablet=&#8221;|||10%&#8221; padding_last_edited=&#8221;off|desktop&#8221; custom_padding__hover=&#8221;|||&#8221;][et_pb_text admin_label=&#8221;Title&#8221; _builder_version=&#8221;4.9.0&#8243; text_font=&#8221;|700|||||||&#8221; text_font_size=&#8221;12px&#8221; header_font=&#8221;Playfair Display|700|||||||&#8221; [&hellip;]<\/p>","protected":false},"author":1,"featured_media":0,"parent":0,"menu_order":0,"comment_status":"closed","ping_status":"closed","template":"","meta":{"_et_pb_use_builder":"on","_et_pb_old_content":"","_et_gb_content_width":"","ub_ctt_via":"","spay_email":""},"featured_image_src":null,"yoast_head":"<!-- This site is optimized with the Yoast SEO plugin v17.2 - https:\/\/yoast.com\/wordpress\/plugins\/seo\/ -->\n<title>HOME - EDITIONS<\/title>\n<meta name=\"robots\" content=\"index, follow, max-snippet:-1, max-image-preview:large, max-video-preview:-1\" \/>\n<link rel=\"canonical\" href=\"https:\/\/editionsab.com\/fr\/\" \/>\n<meta property=\"og:locale\" content=\"fr_FR\" \/>\n<meta property=\"og:type\" content=\"article\" \/>\n<meta property=\"og:title\" content=\"HOME - EDITIONS\" \/>\n<meta property=\"og:description\" content=\"[et_pb_section fb_built=&#8221;1&#8243; _builder_version=&#8221;4.9.0&#8243; _module_preset=&#8221;default&#8221; background_video_mp4=&#8221;https:\/\/editionsab.com\/wp-content\/uploads\/2020\/08\/Pexels-Videos-1793334.mp4&#8243; min_height=&#8221;100px&#8221;][\/et_pb_section][et_pb_section fb_built=&#8221;1&#8243; admin_label=&#8221;Best Selling Book Section&#8221; _builder_version=&#8221;4.9.0&#8243; use_background_color_gradient=&#8221;on&#8221; background_color_gradient_start=&#8221;rgba(148,166,191,0.34)&#8221; background_color_gradient_end=&#8221;#f4f4f4&#8243; background_color_gradient_direction=&#8221;90deg&#8221; background_color_gradient_start_position=&#8221;40%&#8221; background_color_gradient_end_position=&#8221;0%&#8221; background_image=&#8221;https:\/\/amadou.redesignhub.xyz\/wp-content\/uploads\/2020\/07\/paper.jpg&#8221; background_blend=&#8221;multiply&#8221; custom_padding=&#8221;100px|0|180px|&#8221; collapsed=&#8221;off&#8221;][et_pb_row admin_label=&#8221;Row&#8221; _builder_version=&#8221;4.5.1&#8243; background_color=&#8221;#383e59&#8243; background_size=&#8221;initial&#8221; background_position=&#8221;top_left&#8221; background_repeat=&#8221;repeat&#8221; max_width=&#8221;960px&#8221; custom_margin=&#8221;||40px|0px&#8221; custom_padding=&#8221;27px|40px||10%&#8221; animation_style=&#8221;slide&#8221; animation_direction=&#8221;left&#8221; animation_intensity_slide=&#8221;2%&#8221; border_radii=&#8221;||6px|6px|&#8221; border_width_right=&#8221;30px&#8221; border_color_right=&#8221;#bdada0&#8243; box_shadow_style=&#8221;preset2&#8243; box_shadow_color=&#8221;rgba(0,0,0,0.6)&#8221; use_custom_width=&#8221;on&#8221; custom_width_px=&#8221;960px&#8221;][et_pb_column type=&#8221;4_4&#8243; _builder_version=&#8221;3.25&#8243; custom_padding=&#8221;|||&#8221; custom_padding_tablet=&#8221;|||10%&#8221; custom_padding_last_edited=&#8221;off|desktop&#8221; padding_tablet=&#8221;|||10%&#8221; padding_last_edited=&#8221;off|desktop&#8221; custom_padding__hover=&#8221;|||&#8221;][et_pb_text admin_label=&#8221;Title&#8221; _builder_version=&#8221;4.9.0&#8243; text_font=&#8221;|700|||||||&#8221; text_font_size=&#8221;12px&#8221; header_font=&#8221;Playfair Display|700|||||||&#8221; [&hellip;]\" \/>\n<meta property=\"og:url\" content=\"https:\/\/editionsab.com\/fr\/\" \/>\n<meta property=\"og:site_name\" content=\"EDITIONS\" \/>\n<meta property=\"article:publisher\" content=\"https:\/\/www.facebook.com\/editions.ab.39\" \/>\n<meta property=\"article:modified_time\" content=\"2023-08-08T01:55:27+00:00\" \/>\n<meta name=\"twitter:card\" content=\"summary_large_image\" \/>\n<meta name=\"twitter:label1\" content=\"Dur\u00e9e de lecture est.\" \/>\n\t<meta name=\"twitter:data1\" content=\"22 minutes\" \/>\n<script type=\"application\/ld+json\" class=\"yoast-schema-graph\">{\"@context\":\"https:\/\/schema.org\",\"@graph\":[{\"@type\":\"Organization\",\"@id\":\"https:\/\/editionsab.com\/#organization\",\"name\":\"Editions AB\",\"url\":\"https:\/\/editionsab.com\/\",\"sameAs\":[\"https:\/\/www.facebook.com\/editions.ab.39\",\"https:\/\/www.instagram.com\/editionsab.livres\/\",\"https:\/\/www.linkedin.com\/in\/dr-amadou-ba-b7a22476\/\"],\"logo\":{\"@type\":\"ImageObject\",\"@id\":\"https:\/\/editionsab.com\/#logo\",\"inLanguage\":\"fr-FR\",\"url\":\"https:\/\/i2.wp.com\/editionsab.com\/wp-content\/uploads\/2021\/02\/logo_ABEDITIONS_3_B.png?fit=1208%2C1208&ssl=1\",\"contentUrl\":\"https:\/\/i2.wp.com\/editionsab.com\/wp-content\/uploads\/2021\/02\/logo_ABEDITIONS_3_B.png?fit=1208%2C1208&ssl=1\",\"width\":1208,\"height\":1208,\"caption\":\"Editions AB\"},\"image\":{\"@id\":\"https:\/\/editionsab.com\/#logo\"}},{\"@type\":\"WebSite\",\"@id\":\"https:\/\/editionsab.com\/#website\",\"url\":\"https:\/\/editionsab.com\/\",\"name\":\"EDITIONS\",\"description\":\"AB\",\"publisher\":{\"@id\":\"https:\/\/editionsab.com\/#organization\"},\"potentialAction\":[{\"@type\":\"SearchAction\",\"target\":{\"@type\":\"EntryPoint\",\"urlTemplate\":\"https:\/\/editionsab.com\/?s={search_term_string}\"},\"query-input\":\"required name=search_term_string\"}],\"inLanguage\":\"fr-FR\"},{\"@type\":\"WebPage\",\"@id\":\"https:\/\/editionsab.com\/#webpage\",\"url\":\"https:\/\/editionsab.com\/\",\"name\":\"HOME - EDITIONS\",\"isPartOf\":{\"@id\":\"https:\/\/editionsab.com\/#website\"},\"datePublished\":\"2020-07-02T20:09:17+00:00\",\"dateModified\":\"2023-08-08T01:55:27+00:00\",\"breadcrumb\":{\"@id\":\"https:\/\/editionsab.com\/#breadcrumb\"},\"inLanguage\":\"fr-FR\",\"potentialAction\":[{\"@type\":\"ReadAction\",\"target\":[\"https:\/\/editionsab.com\/\"]}]},{\"@type\":\"BreadcrumbList\",\"@id\":\"https:\/\/editionsab.com\/#breadcrumb\",\"itemListElement\":[{\"@type\":\"ListItem\",\"position\":1,\"name\":\"Home\",\"item\":\"https:\/\/editionsab.com\/\"},{\"@type\":\"ListItem\",\"position\":2,\"name\":\"HOME\"}]}]}<\/script>\n<!-- \/ Yoast SEO plugin. -->","yoast_head_json":{"title":"HOME - EDITIONS","robots":{"index":"index","follow":"follow","max-snippet":"max-snippet:-1","max-image-preview":"max-image-preview:large","max-video-preview":"max-video-preview:-1"},"canonical":"https:\/\/editionsab.com\/fr\/","og_locale":"fr_FR","og_type":"article","og_title":"HOME - EDITIONS","og_description":"[et_pb_section fb_built=&#8221;1&#8243; _builder_version=&#8221;4.9.0&#8243; _module_preset=&#8221;default&#8221; background_video_mp4=&#8221;https:\/\/editionsab.com\/wp-content\/uploads\/2020\/08\/Pexels-Videos-1793334.mp4&#8243; min_height=&#8221;100px&#8221;][\/et_pb_section][et_pb_section fb_built=&#8221;1&#8243; admin_label=&#8221;Best Selling Book Section&#8221; _builder_version=&#8221;4.9.0&#8243; use_background_color_gradient=&#8221;on&#8221; background_color_gradient_start=&#8221;rgba(148,166,191,0.34)&#8221; background_color_gradient_end=&#8221;#f4f4f4&#8243; background_color_gradient_direction=&#8221;90deg&#8221; background_color_gradient_start_position=&#8221;40%&#8221; background_color_gradient_end_position=&#8221;0%&#8221; background_image=&#8221;https:\/\/amadou.redesignhub.xyz\/wp-content\/uploads\/2020\/07\/paper.jpg&#8221; background_blend=&#8221;multiply&#8221; custom_padding=&#8221;100px|0|180px|&#8221; collapsed=&#8221;off&#8221;][et_pb_row admin_label=&#8221;Row&#8221; _builder_version=&#8221;4.5.1&#8243; background_color=&#8221;#383e59&#8243; background_size=&#8221;initial&#8221; background_position=&#8221;top_left&#8221; background_repeat=&#8221;repeat&#8221; max_width=&#8221;960px&#8221; custom_margin=&#8221;||40px|0px&#8221; custom_padding=&#8221;27px|40px||10%&#8221; animation_style=&#8221;slide&#8221; animation_direction=&#8221;left&#8221; animation_intensity_slide=&#8221;2%&#8221; border_radii=&#8221;||6px|6px|&#8221; border_width_right=&#8221;30px&#8221; border_color_right=&#8221;#bdada0&#8243; box_shadow_style=&#8221;preset2&#8243; box_shadow_color=&#8221;rgba(0,0,0,0.6)&#8221; use_custom_width=&#8221;on&#8221; custom_width_px=&#8221;960px&#8221;][et_pb_column type=&#8221;4_4&#8243; _builder_version=&#8221;3.25&#8243; custom_padding=&#8221;|||&#8221; custom_padding_tablet=&#8221;|||10%&#8221; custom_padding_last_edited=&#8221;off|desktop&#8221; padding_tablet=&#8221;|||10%&#8221; padding_last_edited=&#8221;off|desktop&#8221; custom_padding__hover=&#8221;|||&#8221;][et_pb_text admin_label=&#8221;Title&#8221; _builder_version=&#8221;4.9.0&#8243; text_font=&#8221;|700|||||||&#8221; text_font_size=&#8221;12px&#8221; header_font=&#8221;Playfair Display|700|||||||&#8221; [&hellip;]","og_url":"https:\/\/editionsab.com\/fr\/","og_site_name":"EDITIONS","article_publisher":"https:\/\/www.facebook.com\/editions.ab.39","article_modified_time":"2023-08-08T01:55:27+00:00","twitter_card":"summary_large_image","twitter_misc":{"Dur\u00e9e de lecture est.":"22 minutes"},"schema":{"@context":"https:\/\/schema.org","@graph":[{"@type":"Organization","@id":"https:\/\/editionsab.com\/#organization","name":"Editions AB","url":"https:\/\/editionsab.com\/","sameAs":["https:\/\/www.facebook.com\/editions.ab.39","https:\/\/www.instagram.com\/editionsab.livres\/","https:\/\/www.linkedin.com\/in\/dr-amadou-ba-b7a22476\/"],"logo":{"@type":"ImageObject","@id":"https:\/\/editionsab.com\/#logo","inLanguage":"fr-FR","url":"https:\/\/i2.wp.com\/editionsab.com\/wp-content\/uploads\/2021\/02\/logo_ABEDITIONS_3_B.png?fit=1208%2C1208&ssl=1","contentUrl":"https:\/\/i2.wp.com\/editionsab.com\/wp-content\/uploads\/2021\/02\/logo_ABEDITIONS_3_B.png?fit=1208%2C1208&ssl=1","width":1208,"height":1208,"caption":"Editions AB"},"image":{"@id":"https:\/\/editionsab.com\/#logo"}},{"@type":"WebSite","@id":"https:\/\/editionsab.com\/#website","url":"https:\/\/editionsab.com\/","name":"EDITIONS","description":"AB","publisher":{"@id":"https:\/\/editionsab.com\/#organization"},"potentialAction":[{"@type":"SearchAction","target":{"@type":"EntryPoint","urlTemplate":"https:\/\/editionsab.com\/?s={search_term_string}"},"query-input":"required name=search_term_string"}],"inLanguage":"fr-FR"},{"@type":"WebPage","@id":"https:\/\/editionsab.com\/#webpage","url":"https:\/\/editionsab.com\/","name":"HOME - EDITIONS","isPartOf":{"@id":"https:\/\/editionsab.com\/#website"},"datePublished":"2020-07-02T20:09:17+00:00","dateModified":"2023-08-08T01:55:27+00:00","breadcrumb":{"@id":"https:\/\/editionsab.com\/#breadcrumb"},"inLanguage":"fr-FR","potentialAction":[{"@type":"ReadAction","target":["https:\/\/editionsab.com\/"]}]},{"@type":"BreadcrumbList","@id":"https:\/\/editionsab.com\/#breadcrumb","itemListElement":[{"@type":"ListItem","position":1,"name":"Home","item":"https:\/\/editionsab.com\/"},{"@type":"ListItem","position":2,"name":"HOME"}]}]}},"_links":{"self":[{"href":"https:\/\/editionsab.com\/fr\/wp-json\/wp\/v2\/pages\/16"}],"collection":[{"href":"https:\/\/editionsab.com\/fr\/wp-json\/wp\/v2\/pages"}],"about":[{"href":"https:\/\/editionsab.com\/fr\/wp-json\/wp\/v2\/types\/page"}],"author":[{"embeddable":true,"href":"https:\/\/editionsab.com\/fr\/wp-json\/wp\/v2\/users\/1"}],"replies":[{"embeddable":true,"href":"https:\/\/editionsab.com\/fr\/wp-json\/wp\/v2\/comments?post=16"}],"version-history":[{"count":162,"href":"https:\/\/editionsab.com\/fr\/wp-json\/wp\/v2\/pages\/16\/revisions"}],"predecessor-version":[{"id":1231,"href":"https:\/\/editionsab.com\/fr\/wp-json\/wp\/v2\/pages\/16\/revisions\/1231"}],"wp:attachment":[{"href":"https:\/\/editionsab.com\/fr\/wp-json\/wp\/v2\/media?parent=16"}],"curies":[{"name":"wp","href":"https:\/\/api.w.org\/{rel}","templated":true}]}}